{"id":9820,"date":"2026-01-28T13:04:43","date_gmt":"2026-01-28T13:04:43","guid":{"rendered":"https:\/\/dariusmusic.hu\/reparatur\/reparatur-ueberholung-und-restaurierung-von-streichinstrumenten\/restaurierung-einer-m-deconet-violine-venedig-1775\/"},"modified":"2026-01-28T13:28:15","modified_gmt":"2026-01-28T13:28:15","slug":"restaurierung-einer-m-deconet-violine-venedig-1775","status":"publish","type":"page","link":"https:\/\/dariusmusic.hu\/de\/reparatur\/reparatur-ueberholung-und-restaurierung-von-streichinstrumenten\/restaurierung-einer-m-deconet-violine-venedig-1775\/","title":{"rendered":"Restaurierung einer M. Deconet-Violine \u2013 Venedig, 1775"},"content":{"rendered":"\t\t<div data-elementor-type=\"wp-page\" data-elementor-id=\"9820\" class=\"elementor elementor-9820 elementor-9479\" data-elementor-post-type=\"page\">\n\t\t\t\t<div class=\"elementor-element elementor-element-8d1f0e0 e-flex e-con-boxed e-con e-parent\" data-id=\"8d1f0e0\" data-element_type=\"container\" data-e-type=\"container\">\n\t\t\t\t\t<div class=\"e-con-inner\">\n\t\t<div class=\"elementor-element elementor-element-8f3efb0 e-con-full e-flex e-con e-child\" data-id=\"8f3efb0\" data-element_type=\"container\" data-e-type=\"container\" data-settings=\"{&quot;background_background&quot;:&quot;classic&quot;}\">\n\t\t<div class=\"elementor-element elementor-element-b125716 e-con-full e-flex e-con e-child\" data-id=\"b125716\" data-element_type=\"container\" data-e-type=\"container\">\n\t\t\t\t<div class=\"elementor-element elementor-element-9ab0cd4 elementor-widget elementor-widget-heading\" data-id=\"9ab0cd4\" data-element_type=\"widget\" data-e-type=\"widget\" data-widget_type=\"heading.default\">\n\t\t\t\t<div class=\"elementor-widget-container\">\n\t\t\t\t\t<p class=\"elementor-heading-title elementor-size-default\">Restaurierung einer M. Deconet-Violine \u2013 Venedig, 1775<\/p>\t\t\t\t<\/div>\n\t\t\t\t<\/div>\n\t\t\t\t<div class=\"elementor-element elementor-element-d13a1df elementor-widget elementor-widget-text-editor\" data-id=\"d13a1df\" data-element_type=\"widget\" data-e-type=\"widget\" data-widget_type=\"text-editor.default\">\n\t\t\t\t<div class=\"elementor-widget-container\">\n\t\t\t\t\t\t\t\t\t<p>Der venezianische Geigenbau nahm im 18. Jahrhundert eine besondere Stellung innerhalb der italienischen Instrumentenbaugeschichte ein. Diese Seite dokumentiert die Restaurierung einer um <strong data-start=\"489\" data-end=\"554\">1775 entstandenen venezianischen Violine <\/strong>von M. Deconet. Ziel der gezeigten Bilder und Texte ist es, einen umfassenden Einblick in den fachgerechten Restaurierungsprozess eines wertvollen historischen Instruments zu geben \u2013 von der Zustandsanalyse bis zum Abschluss der Arbeiten.   <\/p>\t\t\t\t\t\t\t\t<\/div>\n\t\t\t\t<\/div>\n\t\t\t\t<div class=\"elementor-element elementor-element-89a9098 elementor-align-center elementor-widget elementor-widget-breadcrumbs\" data-id=\"89a9098\" data-element_type=\"widget\" data-e-type=\"widget\" data-widget_type=\"breadcrumbs.default\">\n\t\t\t\t<div class=\"elementor-widget-container\">\n\t\t\t\t\t<p id=\"breadcrumbs\"><span><span><a href=\"https:\/\/dariusmusic.hu\/de\/\">Start<\/a><\/span><\/span><\/p>\t\t\t\t<\/div>\n\t\t\t\t<\/div>\n\t\t\t\t<\/div>\n\t\t<div class=\"elementor-element elementor-element-effad76 e-con-full e-flex e-con e-child\" data-id=\"effad76\" data-element_type=\"container\" data-e-type=\"container\" data-settings=\"{&quot;background_background&quot;:&quot;classic&quot;}\">\n\t\t<div class=\"elementor-element elementor-element-21de9a8 e-grid e-con-full e-con e-child\" data-id=\"21de9a8\" data-element_type=\"container\" data-e-type=\"container\">\n\t\t<div class=\"elementor-element elementor-element-6fa0df4 e-con-full e-flex e-con e-child\" data-id=\"6fa0df4\" data-element_type=\"container\" data-e-type=\"container\">\n\t\t\t\t<div class=\"elementor-element elementor-element-b0f141f elementor-widget elementor-widget-heading\" data-id=\"b0f141f\" data-element_type=\"widget\" data-e-type=\"widget\" data-widget_type=\"heading.default\">\n\t\t\t\t<div class=\"elementor-widget-container\">\n\t\t\t\t\t<h2 class=\"elementor-heading-title elementor-size-default\">Zustand der M. Deconet-Violine vor der Restaurierung<\/h2>\t\t\t\t<\/div>\n\t\t\t\t<\/div>\n\t\t\t\t<div class=\"elementor-element elementor-element-513e811 elementor-widget elementor-widget-text-editor\" data-id=\"513e811\" data-element_type=\"widget\" data-e-type=\"widget\" data-widget_type=\"text-editor.default\">\n\t\t\t\t<div class=\"elementor-widget-container\">\n\t\t\t\t\t\t\t\t\t<p data-start=\"1184\" data-end=\"1605\">Vor Beginn der Restaurierung wurde das Instrument einer eingehenden Untersuchung unterzogen, die strukturelle und oberfl\u00e4chliche Ver\u00e4nderungen offenlegte, welche sich im Laufe von mehr als zwei Jahrhunderten entwickelt hatten. Die nat\u00fcrliche Alterung des Holzes, der Verschlei\u00df der Lackschicht sowie Spuren fr\u00fcherer Nutzung und Reparaturen waren am gesamten Instrument sichtbar. Diese Faktoren beeinflussten nicht nur das Erscheinungsbild, sondern auch die Stabilit\u00e4t und den Klang des Instruments.  <\/p><p data-start=\"1607\" data-end=\"1785\">Die Fotografien des Zustands vor der Restaurierung dienten der pr\u00e4zisen Dokumentation des Originalzustands und bildeten eine unverzichtbare Grundlage f\u00fcr die Entwicklung der Restaurierungsstrategie.<\/p>\t\t\t\t\t\t\t\t<\/div>\n\t\t\t\t<\/div>\n\t\t\t\t<\/div>\n\t\t<div class=\"elementor-element elementor-element-2a24f79 e-con-full e-flex e-con e-child\" data-id=\"2a24f79\" data-element_type=\"container\" data-e-type=\"container\" data-settings=\"{&quot;background_background&quot;:&quot;classic&quot;}\">\n\t\t\t\t<div class=\"elementor-element elementor-element-c169e17 elementor-widget elementor-widget-heading\" data-id=\"c169e17\" data-element_type=\"widget\" data-e-type=\"widget\" data-widget_type=\"heading.default\">\n\t\t\t\t<div class=\"elementor-widget-container\">\n\t\t\t\t\t<span class=\"elementor-heading-title elementor-size-default\">M. Deconet-Violine<\/span>\t\t\t\t<\/div>\n\t\t\t\t<\/div>\n\t\t\t\t<div class=\"elementor-element elementor-element-034c2fd elementor-widget elementor-widget-text-editor\" data-id=\"034c2fd\" data-element_type=\"widget\" data-e-type=\"widget\" data-widget_type=\"text-editor.default\">\n\t\t\t\t<div class=\"elementor-widget-container\">\n\t\t\t\t\t\t\t\t\t<p data-start=\"1183\" data-end=\"1208\"><span style=\"color: #6a2f1b;\"><strong>Erbauer:<\/strong><\/span><br>Michele Deconet<\/p><p data-start=\"1183\" data-end=\"1208\"><span style=\"color: #6a2f1b;\"><strong data-start=\"1183\" data-end=\"1195\">Entstehungszeit:<\/strong><\/span><br data-start=\"1195\" data-end=\"1198\">um 1775<\/p><p data-start=\"1210\" data-end=\"1286\"><span style=\"color: #6a2f1b;\">Entstehungsort:<\/span><br data-start=\"1233\" data-end=\"1236\"><span class=\"hover:entity-accent entity-underline inline cursor-pointer align-baseline\"><span class=\"whitespace-normal\">Venedig<\/span><\/span>, Italien<\/p><p data-start=\"1288\" data-end=\"1397\"><span style=\"color: #6a2f1b;\"><strong data-start=\"1288\" data-end=\"1316\">Restaurierung durch:<\/strong><\/span><br data-start=\"1316\" data-end=\"1319\"><span class=\"hover:entity-accent entity-underline inline cursor-pointer align-baseline\"><span class=\"whitespace-normal\"><strong data-start=\"1319\" data-end=\"1360\">Zolt\u00e1n D\u00e9lczeg<\/strong><\/span><\/span><br data-start=\"1360\" data-end=\"1363\">Geigenbauer und Restaurator<\/p>\t\t\t\t\t\t\t\t<\/div>\n\t\t\t\t<\/div>\n\t\t\t\t<\/div>\n\t\t\t\t<\/div>\n\t\t<div class=\"elementor-element elementor-element-56bb212 e-con-full e-flex e-con e-child\" data-id=\"56bb212\" data-element_type=\"container\" data-e-type=\"container\">\n\t\t<div class=\"elementor-element elementor-element-b18fc7c e-con-full e-flex e-con e-child\" data-id=\"b18fc7c\" data-element_type=\"container\" data-e-type=\"container\" data-settings=\"{&quot;background_background&quot;:&quot;classic&quot;}\">\n\t\t\t\t<div class=\"elementor-element elementor-element-6cee151 elementor-widget elementor-widget-image\" data-id=\"6cee151\" data-element_type=\"widget\" data-e-type=\"widget\" data-widget_type=\"image.default\">\n\t\t\t\t<div class=\"elementor-widget-container\">\n\t\t\t\t\t\t\t\t\t\t\t\t\t\t\t\t<a href=\"https:\/\/dariusmusic.hu\/wp-content\/uploads\/2026\/01\/01-olasz-hegedu-1775-velence-hatoldal-restauralas-elott.webp\" data-elementor-open-lightbox=\"yes\" data-elementor-lightbox-title=\"M. Deconet-Violine vor der Restaurierung\" data-e-action-hash=\"#elementor-action%3Aaction%3Dlightbox%26settings%3DeyJpZCI6OTQ4NCwidXJsIjoiaHR0cHM6XC9cL2Rhcml1c211c2ljLmh1XC93cC1jb250ZW50XC91cGxvYWRzXC8yMDI2XC8wMVwvMDEtb2xhc3otaGVnZWR1LTE3NzUtdmVsZW5jZS1oYXRvbGRhbC1yZXN0YXVyYWxhcy1lbG90dC53ZWJwIn0%3D\">\n\t\t\t\t\t\t\t<img fetchpriority=\"high\" decoding=\"async\" width=\"797\" height=\"1200\" src=\"https:\/\/dariusmusic.hu\/wp-content\/uploads\/2026\/01\/01-olasz-hegedu-1775-velence-hatoldal-restauralas-elott.webp\" class=\"attachment-full size-full wp-image-9484\" alt=\"M. Deconet-Violine vor der Restaurierung\" srcset=\"https:\/\/dariusmusic.hu\/wp-content\/uploads\/2026\/01\/01-olasz-hegedu-1775-velence-hatoldal-restauralas-elott.webp 797w, https:\/\/dariusmusic.hu\/wp-content\/uploads\/2026\/01\/01-olasz-hegedu-1775-velence-hatoldal-restauralas-elott-199x300.webp 199w, https:\/\/dariusmusic.hu\/wp-content\/uploads\/2026\/01\/01-olasz-hegedu-1775-velence-hatoldal-restauralas-elott-680x1024.webp 680w, https:\/\/dariusmusic.hu\/wp-content\/uploads\/2026\/01\/01-olasz-hegedu-1775-velence-hatoldal-restauralas-elott-768x1156.webp 768w, https:\/\/dariusmusic.hu\/wp-content\/uploads\/2026\/01\/01-olasz-hegedu-1775-velence-hatoldal-restauralas-elott-300x452.webp 300w, https:\/\/dariusmusic.hu\/wp-content\/uploads\/2026\/01\/01-olasz-hegedu-1775-velence-hatoldal-restauralas-elott-600x903.webp 600w\" sizes=\"(max-width: 797px) 100vw, 797px\" \/>\t\t\t\t\t\t\t\t<\/a>\n\t\t\t\t\t\t\t\t\t\t\t\t\t\t\t<\/div>\n\t\t\t\t<\/div>\n\t\t\t\t<\/div>\n\t\t<div class=\"elementor-element elementor-element-edb4406 e-con-full e-flex e-con e-child\" data-id=\"edb4406\" data-element_type=\"container\" data-e-type=\"container\" data-settings=\"{&quot;background_background&quot;:&quot;classic&quot;}\">\n\t\t\t\t<div class=\"elementor-element elementor-element-52f219a elementor-widget elementor-widget-image\" data-id=\"52f219a\" data-element_type=\"widget\" data-e-type=\"widget\" data-widget_type=\"image.default\">\n\t\t\t\t<div class=\"elementor-widget-container\">\n\t\t\t\t\t\t\t\t\t\t\t\t\t\t\t\t<a href=\"https:\/\/dariusmusic.hu\/wp-content\/uploads\/2026\/01\/01-olasz-hegedu-1775-velence-eleje-restauralas-elott.webp\" data-elementor-open-lightbox=\"yes\" data-elementor-lightbox-title=\"M. Deconet-Violine vor der Restaurierung\" data-e-action-hash=\"#elementor-action%3Aaction%3Dlightbox%26settings%3DeyJpZCI6OTQ4OCwidXJsIjoiaHR0cHM6XC9cL2Rhcml1c211c2ljLmh1XC93cC1jb250ZW50XC91cGxvYWRzXC8yMDI2XC8wMVwvMDEtb2xhc3otaGVnZWR1LTE3NzUtdmVsZW5jZS1lbGVqZS1yZXN0YXVyYWxhcy1lbG90dC53ZWJwIn0%3D\">\n\t\t\t\t\t\t\t<img decoding=\"async\" width=\"797\" height=\"1200\" src=\"https:\/\/dariusmusic.hu\/wp-content\/uploads\/2026\/01\/01-olasz-hegedu-1775-velence-eleje-restauralas-elott.webp\" class=\"attachment-full size-full wp-image-9488\" alt=\"M. Deconet-Violine vor der Restaurierung\" srcset=\"https:\/\/dariusmusic.hu\/wp-content\/uploads\/2026\/01\/01-olasz-hegedu-1775-velence-eleje-restauralas-elott.webp 797w, https:\/\/dariusmusic.hu\/wp-content\/uploads\/2026\/01\/01-olasz-hegedu-1775-velence-eleje-restauralas-elott-199x300.webp 199w, https:\/\/dariusmusic.hu\/wp-content\/uploads\/2026\/01\/01-olasz-hegedu-1775-velence-eleje-restauralas-elott-680x1024.webp 680w, https:\/\/dariusmusic.hu\/wp-content\/uploads\/2026\/01\/01-olasz-hegedu-1775-velence-eleje-restauralas-elott-768x1156.webp 768w, https:\/\/dariusmusic.hu\/wp-content\/uploads\/2026\/01\/01-olasz-hegedu-1775-velence-eleje-restauralas-elott-300x452.webp 300w, https:\/\/dariusmusic.hu\/wp-content\/uploads\/2026\/01\/01-olasz-hegedu-1775-velence-eleje-restauralas-elott-600x903.webp 600w\" sizes=\"(max-width: 797px) 100vw, 797px\" \/>\t\t\t\t\t\t\t\t<\/a>\n\t\t\t\t\t\t\t\t\t\t\t\t\t\t\t<\/div>\n\t\t\t\t<\/div>\n\t\t\t\t<\/div>\n\t\t\t\t<\/div>\n\t\t\t\t<\/div>\n\t\t<div class=\"elementor-element elementor-element-1c0b294 e-con-full e-flex e-con e-child\" data-id=\"1c0b294\" data-element_type=\"container\" data-e-type=\"container\">\n\t\t\t\t<div class=\"elementor-element elementor-element-e7a2b75 elementor-widget elementor-widget-heading\" data-id=\"e7a2b75\" data-element_type=\"widget\" data-e-type=\"widget\" data-widget_type=\"heading.default\">\n\t\t\t\t<div class=\"elementor-widget-container\">\n\t\t\t\t\t<h2 class=\"elementor-heading-title elementor-size-default\">W\u00e4hrend der Restaurierung der M. Deconet-Violine<\/h2>\t\t\t\t<\/div>\n\t\t\t\t<\/div>\n\t\t\t\t<\/div>\n\t\t<div class=\"elementor-element elementor-element-ab0444a e-con-full e-flex e-con e-child\" data-id=\"ab0444a\" data-element_type=\"container\" data-e-type=\"container\" data-settings=\"{&quot;background_background&quot;:&quot;classic&quot;}\">\n\t\t\t\t<div class=\"elementor-element elementor-element-4326781 elementor-widget elementor-widget-text-editor\" data-id=\"4326781\" data-element_type=\"widget\" data-e-type=\"widget\" data-widget_type=\"text-editor.default\">\n\t\t\t\t<div class=\"elementor-widget-container\">\n\t\t\t\t\t\t\t\t\t<p data-start=\"1834\" data-end=\"2181\">W\u00e4hrend der Restaurierungsarbeiten stand der Erhalt des urspr\u00fcnglichen Charakters des Instruments im Mittelpunkt. S\u00e4mtliche Eingriffe wurden mit traditionellen Handtechniken durchgef\u00fchrt, unter Ber\u00fccksichtigung der charakteristischen formalen und konstruktiven Merkmale der venezianischen Schule. Die einzelnen Schritte der Reinigung, Reparatur und Stabilisierung bauten schrittweise aufeinander auf.  <\/p><p data-start=\"2183\" data-end=\"2396\">Die w\u00e4hrend der Restaurierung entstandenen Aufnahmen dokumentieren diesen pr\u00e4zisen Arbeitsprozess im Detail und zeigen jene feinen Eingriffe, die langfristig den Erhalt und die Nutzbarkeit des Instruments gew\u00e4hrleisten.<\/p>\t\t\t\t\t\t\t\t<\/div>\n\t\t\t\t<\/div>\n\t\t\t\t<div class=\"elementor-element elementor-element-a667e29 elementor-widget elementor-widget-gallery\" data-id=\"a667e29\" data-element_type=\"widget\" data-e-type=\"widget\" data-settings=\"{&quot;columns_mobile&quot;:2,&quot;gap&quot;:{&quot;unit&quot;:&quot;px&quot;,&quot;size&quot;:20,&quot;sizes&quot;:[]},&quot;aspect_ratio&quot;:&quot;1:1&quot;,&quot;columns&quot;:5,&quot;lazyload&quot;:&quot;yes&quot;,&quot;gallery_layout&quot;:&quot;grid&quot;,&quot;columns_tablet&quot;:2,&quot;gap_tablet&quot;:{&quot;unit&quot;:&quot;px&quot;,&quot;size&quot;:10,&quot;sizes&quot;:[]},&quot;gap_mobile_extra&quot;:{&quot;unit&quot;:&quot;px&quot;,&quot;size&quot;:10,&quot;sizes&quot;:[]},&quot;gap_mobile&quot;:{&quot;unit&quot;:&quot;px&quot;,&quot;size&quot;:10,&quot;sizes&quot;:[]},&quot;link_to&quot;:&quot;file&quot;,&quot;overlay_background&quot;:&quot;yes&quot;,&quot;content_hover_animation&quot;:&quot;fade-in&quot;}\" data-widget_type=\"gallery.default\">\n\t\t\t\t<div class=\"elementor-widget-container\">\n\t\t\t\t\t\t\t<div class=\"elementor-gallery__container\">\n\t\t\t\t\t\t\t<a class=\"e-gallery-item elementor-gallery-item elementor-animated-content\" href=\"https:\/\/dariusmusic.hu\/wp-content\/uploads\/2026\/01\/03-olasz-hegedu-1775-velence-restauralas-1.webp\" data-elementor-open-lightbox=\"yes\" data-elementor-lightbox-slideshow=\"a667e29\" data-elementor-lightbox-title=\"M. Deconet-Violine w\u00e4hrend der Restaurierung \u2013 Zolt\u00e1n D\u00e9lczeg \u2013 Darius Music Instrumentenfachgesch\u00e4ft und Reparaturwerkstatt\" data-e-action-hash=\"#elementor-action%3Aaction%3Dlightbox%26settings%3DeyJpZCI6OTQ5MiwidXJsIjoiaHR0cHM6XC9cL2Rhcml1c211c2ljLmh1XC93cC1jb250ZW50XC91cGxvYWRzXC8yMDI2XC8wMVwvMDMtb2xhc3otaGVnZWR1LTE3NzUtdmVsZW5jZS1yZXN0YXVyYWxhcy0xLndlYnAiLCJzbGlkZXNob3ciOiJhNjY3ZTI5In0%3D\">\n\t\t\t\t\t<div class=\"e-gallery-image elementor-gallery-item__image\" data-thumbnail=\"https:\/\/dariusmusic.hu\/wp-content\/uploads\/2026\/01\/03-olasz-hegedu-1775-velence-restauralas-1.webp\" data-width=\"750\" data-height=\"1000\" aria-label=\"M. Deconet-Violine w\u00e4hrend der Restaurierung \u2013 Zolt\u00e1n D\u00e9lczeg \u2013 Darius Music Instrumentenfachgesch\u00e4ft und Reparaturwerkstatt\" role=\"img\" ><\/div>\n\t\t\t\t\t\t\t\t\t\t\t<div class=\"elementor-gallery-item__overlay\"><\/div>\n\t\t\t\t\t\t\t\t\t\t\t\t\t\t<\/a>\n\t\t\t\t\t\t\t<a class=\"e-gallery-item elementor-gallery-item elementor-animated-content\" href=\"https:\/\/dariusmusic.hu\/wp-content\/uploads\/2026\/01\/04-olasz-hegedu-1775-velence-restauralas-2.webp\" data-elementor-open-lightbox=\"yes\" data-elementor-lightbox-slideshow=\"a667e29\" data-elementor-lightbox-title=\"M. Deconet-Violine w\u00e4hrend der Restaurierung \u2013 Zolt\u00e1n D\u00e9lczeg \u2013 Darius Music Instrumentenfachgesch\u00e4ft und Reparaturwerkstatt - 2\" data-e-action-hash=\"#elementor-action%3Aaction%3Dlightbox%26settings%3DeyJpZCI6OTQ5NiwidXJsIjoiaHR0cHM6XC9cL2Rhcml1c211c2ljLmh1XC93cC1jb250ZW50XC91cGxvYWRzXC8yMDI2XC8wMVwvMDQtb2xhc3otaGVnZWR1LTE3NzUtdmVsZW5jZS1yZXN0YXVyYWxhcy0yLndlYnAiLCJzbGlkZXNob3ciOiJhNjY3ZTI5In0%3D\">\n\t\t\t\t\t<div class=\"e-gallery-image elementor-gallery-item__image\" data-thumbnail=\"https:\/\/dariusmusic.hu\/wp-content\/uploads\/2026\/01\/04-olasz-hegedu-1775-velence-restauralas-2.webp\" data-width=\"750\" data-height=\"1000\" aria-label=\"M. Deconet-Violine w\u00e4hrend der Restaurierung \u2013 Zolt\u00e1n D\u00e9lczeg \u2013 Darius Music Instrumentenfachgesch\u00e4ft und Reparaturwerkstatt - 2\" role=\"img\" ><\/div>\n\t\t\t\t\t\t\t\t\t\t\t<div class=\"elementor-gallery-item__overlay\"><\/div>\n\t\t\t\t\t\t\t\t\t\t\t\t\t\t<\/a>\n\t\t\t\t\t\t\t<a class=\"e-gallery-item elementor-gallery-item elementor-animated-content\" href=\"https:\/\/dariusmusic.hu\/wp-content\/uploads\/2026\/01\/05-olasz-hegedu-1775-velence-restauralas-3.webp\" data-elementor-open-lightbox=\"yes\" data-elementor-lightbox-slideshow=\"a667e29\" data-elementor-lightbox-title=\"M. Deconet-Violine w\u00e4hrend der Restaurierung \u2013 Zolt\u00e1n D\u00e9lczeg \u2013 Darius Music Instrumentenfachgesch\u00e4ft und Reparaturwerkstatt - 3\" data-e-action-hash=\"#elementor-action%3Aaction%3Dlightbox%26settings%3DeyJpZCI6OTUwMCwidXJsIjoiaHR0cHM6XC9cL2Rhcml1c211c2ljLmh1XC93cC1jb250ZW50XC91cGxvYWRzXC8yMDI2XC8wMVwvMDUtb2xhc3otaGVnZWR1LTE3NzUtdmVsZW5jZS1yZXN0YXVyYWxhcy0zLndlYnAiLCJzbGlkZXNob3ciOiJhNjY3ZTI5In0%3D\">\n\t\t\t\t\t<div class=\"e-gallery-image elementor-gallery-item__image\" data-thumbnail=\"https:\/\/dariusmusic.hu\/wp-content\/uploads\/2026\/01\/05-olasz-hegedu-1775-velence-restauralas-3.webp\" data-width=\"750\" data-height=\"1000\" aria-label=\"M. Deconet-Violine w\u00e4hrend der Restaurierung \u2013 Zolt\u00e1n D\u00e9lczeg \u2013 Darius Music Instrumentenfachgesch\u00e4ft und Reparaturwerkstatt - 3\" role=\"img\" ><\/div>\n\t\t\t\t\t\t\t\t\t\t\t<div class=\"elementor-gallery-item__overlay\"><\/div>\n\t\t\t\t\t\t\t\t\t\t\t\t\t\t<\/a>\n\t\t\t\t\t\t\t<a class=\"e-gallery-item elementor-gallery-item elementor-animated-content\" href=\"https:\/\/dariusmusic.hu\/wp-content\/uploads\/2026\/01\/06-olasz-hegedu-1775-velence-restauralas-4.webp\" data-elementor-open-lightbox=\"yes\" data-elementor-lightbox-slideshow=\"a667e29\" data-elementor-lightbox-title=\"M. Deconet-Violine w\u00e4hrend der Restaurierung \u2013 Zolt\u00e1n D\u00e9lczeg \u2013 Darius Music Instrumentenfachgesch\u00e4ft und Reparaturwerkstatt - 4\" data-e-action-hash=\"#elementor-action%3Aaction%3Dlightbox%26settings%3DeyJpZCI6OTUwNCwidXJsIjoiaHR0cHM6XC9cL2Rhcml1c211c2ljLmh1XC93cC1jb250ZW50XC91cGxvYWRzXC8yMDI2XC8wMVwvMDYtb2xhc3otaGVnZWR1LTE3NzUtdmVsZW5jZS1yZXN0YXVyYWxhcy00LndlYnAiLCJzbGlkZXNob3ciOiJhNjY3ZTI5In0%3D\">\n\t\t\t\t\t<div class=\"e-gallery-image elementor-gallery-item__image\" data-thumbnail=\"https:\/\/dariusmusic.hu\/wp-content\/uploads\/2026\/01\/06-olasz-hegedu-1775-velence-restauralas-4.webp\" data-width=\"750\" data-height=\"1000\" aria-label=\"M. Deconet-Violine w\u00e4hrend der Restaurierung \u2013 Zolt\u00e1n D\u00e9lczeg \u2013 Darius Music Instrumentenfachgesch\u00e4ft und Reparaturwerkstatt - 4\" role=\"img\" ><\/div>\n\t\t\t\t\t\t\t\t\t\t\t<div class=\"elementor-gallery-item__overlay\"><\/div>\n\t\t\t\t\t\t\t\t\t\t\t\t\t\t<\/a>\n\t\t\t\t\t\t\t<a class=\"e-gallery-item elementor-gallery-item elementor-animated-content\" href=\"https:\/\/dariusmusic.hu\/wp-content\/uploads\/2026\/01\/07-olasz-hegedu-1775-velence-restauralas-5.webp\" data-elementor-open-lightbox=\"yes\" data-elementor-lightbox-slideshow=\"a667e29\" data-elementor-lightbox-title=\"M. Deconet-Violine w\u00e4hrend der Restaurierung \u2013 Zolt\u00e1n D\u00e9lczeg \u2013 Darius Music Instrumentenfachgesch\u00e4ft und Reparaturwerkstatt - 5\" data-e-action-hash=\"#elementor-action%3Aaction%3Dlightbox%26settings%3DeyJpZCI6OTUwOCwidXJsIjoiaHR0cHM6XC9cL2Rhcml1c211c2ljLmh1XC93cC1jb250ZW50XC91cGxvYWRzXC8yMDI2XC8wMVwvMDctb2xhc3otaGVnZWR1LTE3NzUtdmVsZW5jZS1yZXN0YXVyYWxhcy01LndlYnAiLCJzbGlkZXNob3ciOiJhNjY3ZTI5In0%3D\">\n\t\t\t\t\t<div class=\"e-gallery-image elementor-gallery-item__image\" data-thumbnail=\"https:\/\/dariusmusic.hu\/wp-content\/uploads\/2026\/01\/07-olasz-hegedu-1775-velence-restauralas-5.webp\" data-width=\"750\" data-height=\"1000\" aria-label=\"M. Deconet-Violine w\u00e4hrend der Restaurierung \u2013 Zolt\u00e1n D\u00e9lczeg \u2013 Darius Music Instrumentenfachgesch\u00e4ft und Reparaturwerkstatt - 5\" role=\"img\" ><\/div>\n\t\t\t\t\t\t\t\t\t\t\t<div class=\"elementor-gallery-item__overlay\"><\/div>\n\t\t\t\t\t\t\t\t\t\t\t\t\t\t<\/a>\n\t\t\t\t\t\t\t<a class=\"e-gallery-item elementor-gallery-item elementor-animated-content\" href=\"https:\/\/dariusmusic.hu\/wp-content\/uploads\/2026\/01\/08-olasz-hegedu-1775-velence-restauralas-6.webp\" data-elementor-open-lightbox=\"yes\" data-elementor-lightbox-slideshow=\"a667e29\" data-elementor-lightbox-title=\"M. Deconet-Violine w\u00e4hrend der Restaurierung \u2013 Zolt\u00e1n D\u00e9lczeg \u2013 Darius Music Instrumentenfachgesch\u00e4ft und Reparaturwerkstatt - 6\" data-e-action-hash=\"#elementor-action%3Aaction%3Dlightbox%26settings%3DeyJpZCI6OTUxMiwidXJsIjoiaHR0cHM6XC9cL2Rhcml1c211c2ljLmh1XC93cC1jb250ZW50XC91cGxvYWRzXC8yMDI2XC8wMVwvMDgtb2xhc3otaGVnZWR1LTE3NzUtdmVsZW5jZS1yZXN0YXVyYWxhcy02LndlYnAiLCJzbGlkZXNob3ciOiJhNjY3ZTI5In0%3D\">\n\t\t\t\t\t<div class=\"e-gallery-image elementor-gallery-item__image\" data-thumbnail=\"https:\/\/dariusmusic.hu\/wp-content\/uploads\/2026\/01\/08-olasz-hegedu-1775-velence-restauralas-6.webp\" data-width=\"750\" data-height=\"1000\" aria-label=\"M. Deconet-Violine w\u00e4hrend der Restaurierung \u2013 Zolt\u00e1n D\u00e9lczeg \u2013 Darius Music Instrumentenfachgesch\u00e4ft und Reparaturwerkstatt - 6\" role=\"img\" ><\/div>\n\t\t\t\t\t\t\t\t\t\t\t<div class=\"elementor-gallery-item__overlay\"><\/div>\n\t\t\t\t\t\t\t\t\t\t\t\t\t\t<\/a>\n\t\t\t\t\t\t\t<a class=\"e-gallery-item elementor-gallery-item elementor-animated-content\" href=\"https:\/\/dariusmusic.hu\/wp-content\/uploads\/2026\/01\/09-olasz-hegedu-1775-velence-restauralas-7.webp\" data-elementor-open-lightbox=\"yes\" data-elementor-lightbox-slideshow=\"a667e29\" data-elementor-lightbox-title=\"M. Deconet-Violine w\u00e4hrend der Restaurierung \u2013 Zolt\u00e1n D\u00e9lczeg \u2013 Darius Music Instrumentenfachgesch\u00e4ft und Reparaturwerkstatt - 7\" data-e-action-hash=\"#elementor-action%3Aaction%3Dlightbox%26settings%3DeyJpZCI6OTUxNiwidXJsIjoiaHR0cHM6XC9cL2Rhcml1c211c2ljLmh1XC93cC1jb250ZW50XC91cGxvYWRzXC8yMDI2XC8wMVwvMDktb2xhc3otaGVnZWR1LTE3NzUtdmVsZW5jZS1yZXN0YXVyYWxhcy03LndlYnAiLCJzbGlkZXNob3ciOiJhNjY3ZTI5In0%3D\">\n\t\t\t\t\t<div class=\"e-gallery-image elementor-gallery-item__image\" data-thumbnail=\"https:\/\/dariusmusic.hu\/wp-content\/uploads\/2026\/01\/09-olasz-hegedu-1775-velence-restauralas-7.webp\" data-width=\"750\" data-height=\"1000\" aria-label=\"M. Deconet-Violine w\u00e4hrend der Restaurierung \u2013 Zolt\u00e1n D\u00e9lczeg \u2013 Darius Music Instrumentenfachgesch\u00e4ft und Reparaturwerkstatt - 7\" role=\"img\" ><\/div>\n\t\t\t\t\t\t\t\t\t\t\t<div class=\"elementor-gallery-item__overlay\"><\/div>\n\t\t\t\t\t\t\t\t\t\t\t\t\t\t<\/a>\n\t\t\t\t\t\t\t<a class=\"e-gallery-item elementor-gallery-item elementor-animated-content\" href=\"https:\/\/dariusmusic.hu\/wp-content\/uploads\/2026\/01\/10-olasz-hegedu-1775-velence-restauralas-8.webp\" data-elementor-open-lightbox=\"yes\" data-elementor-lightbox-slideshow=\"a667e29\" data-elementor-lightbox-title=\"M. Deconet-Violine w\u00e4hrend der Restaurierung \u2013 Zolt\u00e1n D\u00e9lczeg \u2013 Darius Music Instrumentenfachgesch\u00e4ft und Reparaturwerkstatt - 8\" data-e-action-hash=\"#elementor-action%3Aaction%3Dlightbox%26settings%3DeyJpZCI6OTUyMCwidXJsIjoiaHR0cHM6XC9cL2Rhcml1c211c2ljLmh1XC93cC1jb250ZW50XC91cGxvYWRzXC8yMDI2XC8wMVwvMTAtb2xhc3otaGVnZWR1LTE3NzUtdmVsZW5jZS1yZXN0YXVyYWxhcy04LndlYnAiLCJzbGlkZXNob3ciOiJhNjY3ZTI5In0%3D\">\n\t\t\t\t\t<div class=\"e-gallery-image elementor-gallery-item__image\" data-thumbnail=\"https:\/\/dariusmusic.hu\/wp-content\/uploads\/2026\/01\/10-olasz-hegedu-1775-velence-restauralas-8.webp\" data-width=\"750\" data-height=\"1000\" aria-label=\"M. Deconet-Violine w\u00e4hrend der Restaurierung \u2013 Zolt\u00e1n D\u00e9lczeg \u2013 Darius Music Instrumentenfachgesch\u00e4ft und Reparaturwerkstatt - 8\" role=\"img\" ><\/div>\n\t\t\t\t\t\t\t\t\t\t\t<div class=\"elementor-gallery-item__overlay\"><\/div>\n\t\t\t\t\t\t\t\t\t\t\t\t\t\t<\/a>\n\t\t\t\t\t\t\t<a class=\"e-gallery-item elementor-gallery-item elementor-animated-content\" href=\"https:\/\/dariusmusic.hu\/wp-content\/uploads\/2026\/01\/11-olasz-hegedu-1775-velence-restauralas-9.webp\" data-elementor-open-lightbox=\"yes\" data-elementor-lightbox-slideshow=\"a667e29\" data-elementor-lightbox-title=\"M. Deconet-Violine w\u00e4hrend der Restaurierung \u2013 Zolt\u00e1n D\u00e9lczeg \u2013 Darius Music Instrumentenfachgesch\u00e4ft und Reparaturwerkstatt - 9\" data-e-action-hash=\"#elementor-action%3Aaction%3Dlightbox%26settings%3DeyJpZCI6OTUyNCwidXJsIjoiaHR0cHM6XC9cL2Rhcml1c211c2ljLmh1XC93cC1jb250ZW50XC91cGxvYWRzXC8yMDI2XC8wMVwvMTEtb2xhc3otaGVnZWR1LTE3NzUtdmVsZW5jZS1yZXN0YXVyYWxhcy05LndlYnAiLCJzbGlkZXNob3ciOiJhNjY3ZTI5In0%3D\">\n\t\t\t\t\t<div class=\"e-gallery-image elementor-gallery-item__image\" data-thumbnail=\"https:\/\/dariusmusic.hu\/wp-content\/uploads\/2026\/01\/11-olasz-hegedu-1775-velence-restauralas-9.webp\" data-width=\"750\" data-height=\"1000\" aria-label=\"M. Deconet-Violine w\u00e4hrend der Restaurierung \u2013 Zolt\u00e1n D\u00e9lczeg \u2013 Darius Music Instrumentenfachgesch\u00e4ft und Reparaturwerkstatt - 9\" role=\"img\" ><\/div>\n\t\t\t\t\t\t\t\t\t\t\t<div class=\"elementor-gallery-item__overlay\"><\/div>\n\t\t\t\t\t\t\t\t\t\t\t\t\t\t<\/a>\n\t\t\t\t\t\t\t<a class=\"e-gallery-item elementor-gallery-item elementor-animated-content\" href=\"https:\/\/dariusmusic.hu\/wp-content\/uploads\/2026\/01\/12-olasz-hegedu-1775-velence-restauralas-10.webp\" data-elementor-open-lightbox=\"yes\" data-elementor-lightbox-slideshow=\"a667e29\" data-elementor-lightbox-title=\"M. Deconet-Violine w\u00e4hrend der Restaurierung \u2013 Zolt\u00e1n D\u00e9lczeg \u2013 Darius Music Instrumentenfachgesch\u00e4ft und Reparaturwerkstatt - 10\" data-e-action-hash=\"#elementor-action%3Aaction%3Dlightbox%26settings%3DeyJpZCI6OTUyOCwidXJsIjoiaHR0cHM6XC9cL2Rhcml1c211c2ljLmh1XC93cC1jb250ZW50XC91cGxvYWRzXC8yMDI2XC8wMVwvMTItb2xhc3otaGVnZWR1LTE3NzUtdmVsZW5jZS1yZXN0YXVyYWxhcy0xMC53ZWJwIiwic2xpZGVzaG93IjoiYTY2N2UyOSJ9\">\n\t\t\t\t\t<div class=\"e-gallery-image elementor-gallery-item__image\" data-thumbnail=\"https:\/\/dariusmusic.hu\/wp-content\/uploads\/2026\/01\/12-olasz-hegedu-1775-velence-restauralas-10.webp\" data-width=\"750\" data-height=\"1000\" aria-label=\"M. Deconet-Violine w\u00e4hrend der Restaurierung \u2013 Zolt\u00e1n D\u00e9lczeg \u2013 Darius Music Instrumentenfachgesch\u00e4ft und Reparaturwerkstatt - 10\" role=\"img\" ><\/div>\n\t\t\t\t\t\t\t\t\t\t\t<div class=\"elementor-gallery-item__overlay\"><\/div>\n\t\t\t\t\t\t\t\t\t\t\t\t\t\t<\/a>\n\t\t\t\t\t\t\t<a class=\"e-gallery-item elementor-gallery-item elementor-animated-content\" href=\"https:\/\/dariusmusic.hu\/wp-content\/uploads\/2026\/01\/13-olasz-hegedu-1775-velence-restauralas-11.webp\" data-elementor-open-lightbox=\"yes\" data-elementor-lightbox-slideshow=\"a667e29\" data-elementor-lightbox-title=\"M. Deconet-Violine w\u00e4hrend der Restaurierung \u2013 Zolt\u00e1n D\u00e9lczeg \u2013 Darius Music Instrumentenfachgesch\u00e4ft und Reparaturwerkstatt - 11\" data-e-action-hash=\"#elementor-action%3Aaction%3Dlightbox%26settings%3DeyJpZCI6OTUzMiwidXJsIjoiaHR0cHM6XC9cL2Rhcml1c211c2ljLmh1XC93cC1jb250ZW50XC91cGxvYWRzXC8yMDI2XC8wMVwvMTMtb2xhc3otaGVnZWR1LTE3NzUtdmVsZW5jZS1yZXN0YXVyYWxhcy0xMS53ZWJwIiwic2xpZGVzaG93IjoiYTY2N2UyOSJ9\">\n\t\t\t\t\t<div class=\"e-gallery-image elementor-gallery-item__image\" data-thumbnail=\"https:\/\/dariusmusic.hu\/wp-content\/uploads\/2026\/01\/13-olasz-hegedu-1775-velence-restauralas-11.webp\" data-width=\"750\" data-height=\"1000\" aria-label=\"M. Deconet-Violine w\u00e4hrend der Restaurierung \u2013 Zolt\u00e1n D\u00e9lczeg \u2013 Darius Music Instrumentenfachgesch\u00e4ft und Reparaturwerkstatt - 11\" role=\"img\" ><\/div>\n\t\t\t\t\t\t\t\t\t\t\t<div class=\"elementor-gallery-item__overlay\"><\/div>\n\t\t\t\t\t\t\t\t\t\t\t\t\t\t<\/a>\n\t\t\t\t\t\t\t<a class=\"e-gallery-item elementor-gallery-item elementor-animated-content\" href=\"https:\/\/dariusmusic.hu\/wp-content\/uploads\/2026\/01\/14-olasz-hegedu-1775-velence-restauralas-12.webp\" data-elementor-open-lightbox=\"yes\" data-elementor-lightbox-slideshow=\"a667e29\" data-elementor-lightbox-title=\"M. Deconet-Violine w\u00e4hrend der Restaurierung \u2013 Zolt\u00e1n D\u00e9lczeg \u2013 Darius Music Instrumentenfachgesch\u00e4ft und Reparaturwerkstatt - 12\" data-e-action-hash=\"#elementor-action%3Aaction%3Dlightbox%26settings%3DeyJpZCI6OTUzNiwidXJsIjoiaHR0cHM6XC9cL2Rhcml1c211c2ljLmh1XC93cC1jb250ZW50XC91cGxvYWRzXC8yMDI2XC8wMVwvMTQtb2xhc3otaGVnZWR1LTE3NzUtdmVsZW5jZS1yZXN0YXVyYWxhcy0xMi53ZWJwIiwic2xpZGVzaG93IjoiYTY2N2UyOSJ9\">\n\t\t\t\t\t<div class=\"e-gallery-image elementor-gallery-item__image\" data-thumbnail=\"https:\/\/dariusmusic.hu\/wp-content\/uploads\/2026\/01\/14-olasz-hegedu-1775-velence-restauralas-12.webp\" data-width=\"750\" data-height=\"1000\" aria-label=\"M. Deconet-Violine w\u00e4hrend der Restaurierung \u2013 Zolt\u00e1n D\u00e9lczeg \u2013 Darius Music Instrumentenfachgesch\u00e4ft und Reparaturwerkstatt - 12\" role=\"img\" ><\/div>\n\t\t\t\t\t\t\t\t\t\t\t<div class=\"elementor-gallery-item__overlay\"><\/div>\n\t\t\t\t\t\t\t\t\t\t\t\t\t\t<\/a>\n\t\t\t\t\t\t\t<a class=\"e-gallery-item elementor-gallery-item elementor-animated-content\" href=\"https:\/\/dariusmusic.hu\/wp-content\/uploads\/2026\/01\/15-olasz-hegedu-1775-velence-restauralas-13.webp\" data-elementor-open-lightbox=\"yes\" data-elementor-lightbox-slideshow=\"a667e29\" data-elementor-lightbox-title=\"M. Deconet-Violine w\u00e4hrend der Restaurierung \u2013 Zolt\u00e1n D\u00e9lczeg \u2013 Darius Music Instrumentenfachgesch\u00e4ft und Reparaturwerkstatt - 13\" data-e-action-hash=\"#elementor-action%3Aaction%3Dlightbox%26settings%3DeyJpZCI6OTU0MCwidXJsIjoiaHR0cHM6XC9cL2Rhcml1c211c2ljLmh1XC93cC1jb250ZW50XC91cGxvYWRzXC8yMDI2XC8wMVwvMTUtb2xhc3otaGVnZWR1LTE3NzUtdmVsZW5jZS1yZXN0YXVyYWxhcy0xMy53ZWJwIiwic2xpZGVzaG93IjoiYTY2N2UyOSJ9\">\n\t\t\t\t\t<div class=\"e-gallery-image elementor-gallery-item__image\" data-thumbnail=\"https:\/\/dariusmusic.hu\/wp-content\/uploads\/2026\/01\/15-olasz-hegedu-1775-velence-restauralas-13.webp\" data-width=\"750\" data-height=\"1000\" aria-label=\"M. Deconet-Violine w\u00e4hrend der Restaurierung \u2013 Zolt\u00e1n D\u00e9lczeg \u2013 Darius Music Instrumentenfachgesch\u00e4ft und Reparaturwerkstatt - 13\" role=\"img\" ><\/div>\n\t\t\t\t\t\t\t\t\t\t\t<div class=\"elementor-gallery-item__overlay\"><\/div>\n\t\t\t\t\t\t\t\t\t\t\t\t\t\t<\/a>\n\t\t\t\t\t<\/div>\n\t\t\t\t\t<\/div>\n\t\t\t\t<\/div>\n\t\t\t\t<\/div>\n\t\t<div class=\"elementor-element elementor-element-4e39d15 e-con-full e-flex e-con e-child\" data-id=\"4e39d15\" data-element_type=\"container\" data-e-type=\"container\">\n\t\t\t\t<div class=\"elementor-element elementor-element-631a931 elementor-widget elementor-widget-heading\" data-id=\"631a931\" data-element_type=\"widget\" data-e-type=\"widget\" data-widget_type=\"heading.default\">\n\t\t\t\t<div class=\"elementor-widget-container\">\n\t\t\t\t\t<h2 class=\"elementor-heading-title elementor-size-default\">Nach der Restaurierung der M. Deconet-Violine<\/h2>\t\t\t\t<\/div>\n\t\t\t\t<\/div>\n\t\t\t\t<\/div>\n\t\t<div class=\"elementor-element elementor-element-8446595 e-con-full e-flex e-con e-child\" data-id=\"8446595\" data-element_type=\"container\" data-e-type=\"container\" data-settings=\"{&quot;background_background&quot;:&quot;classic&quot;}\">\n\t\t\t\t<div class=\"elementor-element elementor-element-4bef595 elementor-widget elementor-widget-text-editor\" data-id=\"4bef595\" data-element_type=\"widget\" data-e-type=\"widget\" data-widget_type=\"text-editor.default\">\n\t\t\t\t<div class=\"elementor-widget-container\">\n\t\t\t\t\t\t\t\t\t<p data-start=\"2434\" data-end=\"2826\">Nach Abschluss der Restaurierung erhielt die M. Deconet-Violine erneut ein geschlossenes und ausgewogenes Erscheinungsbild. Die strukturellen Probleme wurden behoben, die Oberfl\u00e4chen harmonisiert, w\u00e4hrend die historische Patina und der individuelle Charakter des Instruments erhalten blieben. Infolge der Restaurierung erneuerte sich die Violine nicht nur optisch, sondern gewann auch an klanglicher Stabilit\u00e4t und Ausgewogenheit.  <\/p><p data-start=\"2828\" data-end=\"2964\">Die Fotografien des Zustands nach der Restaurierung veranschaulichen eindrucksvoll, wie das Werk eines venezianischen Meisters des 18. Jahrhunderts erneut zu einem lebendigen Musikinstrument wird. <\/p>\t\t\t\t\t\t\t\t<\/div>\n\t\t\t\t<\/div>\n\t\t<div class=\"elementor-element elementor-element-84ab929 e-con-full e-flex e-con e-child\" data-id=\"84ab929\" data-element_type=\"container\" data-e-type=\"container\">\n\t\t<div class=\"elementor-element elementor-element-a73218d e-con-full e-flex e-con e-child\" data-id=\"a73218d\" data-element_type=\"container\" data-e-type=\"container\" data-settings=\"{&quot;background_background&quot;:&quot;classic&quot;}\">\n\t\t\t\t<div class=\"elementor-element elementor-element-e1d0f18 elementor-widget elementor-widget-image\" data-id=\"e1d0f18\" data-element_type=\"widget\" data-e-type=\"widget\" data-widget_type=\"image.default\">\n\t\t\t\t<div class=\"elementor-widget-container\">\n\t\t\t\t\t\t\t\t\t\t\t\t\t\t\t\t<a href=\"https:\/\/dariusmusic.hu\/wp-content\/uploads\/2026\/01\/02-olasz-hegedu-1775-velence-hatulja-restauralas-utan.webp\" data-elementor-open-lightbox=\"yes\" data-elementor-lightbox-title=\"M. Deconet-Violine nach der Restaurierung \u2013 Zolt\u00e1n D\u00e9lczeg \u2013 Darius Music Instrumentenfachgesch\u00e4ft und Reparaturwerkstatt \u2013 1\" data-e-action-hash=\"#elementor-action%3Aaction%3Dlightbox%26settings%3DeyJpZCI6OTU0NCwidXJsIjoiaHR0cHM6XC9cL2Rhcml1c211c2ljLmh1XC93cC1jb250ZW50XC91cGxvYWRzXC8yMDI2XC8wMVwvMDItb2xhc3otaGVnZWR1LTE3NzUtdmVsZW5jZS1oYXR1bGphLXJlc3RhdXJhbGFzLXV0YW4ud2VicCJ9\">\n\t\t\t\t\t\t\t<img decoding=\"async\" width=\"659\" height=\"1000\" src=\"https:\/\/dariusmusic.hu\/wp-content\/uploads\/2026\/01\/02-olasz-hegedu-1775-velence-hatulja-restauralas-utan.webp\" class=\"attachment-full size-full wp-image-9544\" alt=\"M. Deconet-Violine nach der Restaurierung \u2013 Zolt\u00e1n D\u00e9lczeg \u2013 Darius Music Instrumentenfachgesch\u00e4ft und Reparaturwerkstatt \u2013 1\" srcset=\"https:\/\/dariusmusic.hu\/wp-content\/uploads\/2026\/01\/02-olasz-hegedu-1775-velence-hatulja-restauralas-utan.webp 659w, https:\/\/dariusmusic.hu\/wp-content\/uploads\/2026\/01\/02-olasz-hegedu-1775-velence-hatulja-restauralas-utan-198x300.webp 198w, https:\/\/dariusmusic.hu\/wp-content\/uploads\/2026\/01\/02-olasz-hegedu-1775-velence-hatulja-restauralas-utan-300x455.webp 300w, https:\/\/dariusmusic.hu\/wp-content\/uploads\/2026\/01\/02-olasz-hegedu-1775-velence-hatulja-restauralas-utan-600x910.webp 600w\" sizes=\"(max-width: 659px) 100vw, 659px\" \/>\t\t\t\t\t\t\t\t<\/a>\n\t\t\t\t\t\t\t\t\t\t\t\t\t\t\t<\/div>\n\t\t\t\t<\/div>\n\t\t\t\t<\/div>\n\t\t<div class=\"elementor-element elementor-element-a0090dc e-con-full e-flex e-con e-child\" data-id=\"a0090dc\" data-element_type=\"container\" data-e-type=\"container\" data-settings=\"{&quot;background_background&quot;:&quot;classic&quot;}\">\n\t\t\t\t<div class=\"elementor-element elementor-element-951af3a elementor-widget elementor-widget-image\" data-id=\"951af3a\" data-element_type=\"widget\" data-e-type=\"widget\" data-widget_type=\"image.default\">\n\t\t\t\t<div class=\"elementor-widget-container\">\n\t\t\t\t\t\t\t\t\t\t\t\t\t\t\t\t<a href=\"https:\/\/dariusmusic.hu\/wp-content\/uploads\/2026\/01\/01-olasz-hegedu-1775-velence-eleje-restauralas-utan.webp\" data-elementor-open-lightbox=\"yes\" data-elementor-lightbox-title=\"M. Deconet-Violine nach der Restaurierung \u2013 Zolt\u00e1n D\u00e9lczeg \u2013 Darius Music Instrumentenfachgesch\u00e4ft und Reparaturwerkstatt \u2013 2\" data-e-action-hash=\"#elementor-action%3Aaction%3Dlightbox%26settings%3DeyJpZCI6OTU0OCwidXJsIjoiaHR0cHM6XC9cL2Rhcml1c211c2ljLmh1XC93cC1jb250ZW50XC91cGxvYWRzXC8yMDI2XC8wMVwvMDEtb2xhc3otaGVnZWR1LTE3NzUtdmVsZW5jZS1lbGVqZS1yZXN0YXVyYWxhcy11dGFuLndlYnAifQ%3D%3D\">\n\t\t\t\t\t\t\t<img loading=\"lazy\" decoding=\"async\" width=\"657\" height=\"1000\" src=\"https:\/\/dariusmusic.hu\/wp-content\/uploads\/2026\/01\/01-olasz-hegedu-1775-velence-eleje-restauralas-utan.webp\" class=\"attachment-full size-full wp-image-9548\" alt=\"M. Deconet-Violine nach der Restaurierung \u2013 Zolt\u00e1n D\u00e9lczeg \u2013 Darius Music Instrumentenfachgesch\u00e4ft und Reparaturwerkstatt \u2013 2\" srcset=\"https:\/\/dariusmusic.hu\/wp-content\/uploads\/2026\/01\/01-olasz-hegedu-1775-velence-eleje-restauralas-utan.webp 657w, https:\/\/dariusmusic.hu\/wp-content\/uploads\/2026\/01\/01-olasz-hegedu-1775-velence-eleje-restauralas-utan-197x300.webp 197w, https:\/\/dariusmusic.hu\/wp-content\/uploads\/2026\/01\/01-olasz-hegedu-1775-velence-eleje-restauralas-utan-300x457.webp 300w, https:\/\/dariusmusic.hu\/wp-content\/uploads\/2026\/01\/01-olasz-hegedu-1775-velence-eleje-restauralas-utan-600x913.webp 600w\" sizes=\"(max-width: 657px) 100vw, 657px\" \/>\t\t\t\t\t\t\t\t<\/a>\n\t\t\t\t\t\t\t\t\t\t\t\t\t\t\t<\/div>\n\t\t\t\t<\/div>\n\t\t\t\t<\/div>\n\t\t\t\t<\/div>\n\t\t\t\t<div class=\"elementor-element elementor-element-0d13207 elementor-widget elementor-widget-gallery\" data-id=\"0d13207\" data-element_type=\"widget\" data-e-type=\"widget\" data-settings=\"{&quot;columns&quot;:3,&quot;columns_mobile&quot;:3,&quot;gap&quot;:{&quot;unit&quot;:&quot;px&quot;,&quot;size&quot;:20,&quot;sizes&quot;:[]},&quot;aspect_ratio&quot;:&quot;1:1&quot;,&quot;lazyload&quot;:&quot;yes&quot;,&quot;gallery_layout&quot;:&quot;grid&quot;,&quot;columns_tablet&quot;:2,&quot;gap_tablet&quot;:{&quot;unit&quot;:&quot;px&quot;,&quot;size&quot;:10,&quot;sizes&quot;:[]},&quot;gap_mobile_extra&quot;:{&quot;unit&quot;:&quot;px&quot;,&quot;size&quot;:10,&quot;sizes&quot;:[]},&quot;gap_mobile&quot;:{&quot;unit&quot;:&quot;px&quot;,&quot;size&quot;:10,&quot;sizes&quot;:[]},&quot;link_to&quot;:&quot;file&quot;,&quot;overlay_background&quot;:&quot;yes&quot;,&quot;content_hover_animation&quot;:&quot;fade-in&quot;}\" data-widget_type=\"gallery.default\">\n\t\t\t\t<div class=\"elementor-widget-container\">\n\t\t\t\t\t\t\t<div class=\"elementor-gallery__container\">\n\t\t\t\t\t\t\t<a class=\"e-gallery-item elementor-gallery-item elementor-animated-content\" href=\"https:\/\/dariusmusic.hu\/wp-content\/uploads\/2026\/01\/03-olasz-hegedu-1775-velence-restauralas-utan-1.webp\" data-elementor-open-lightbox=\"yes\" data-elementor-lightbox-slideshow=\"0d13207\" data-elementor-lightbox-title=\"M. Deconet-Violine nach der Restaurierung \u2013 Zolt\u00e1n D\u00e9lczeg \u2013 Darius Music Instrumentenfachgesch\u00e4ft und Reparaturwerkstatt \u2013 3\" data-e-action-hash=\"#elementor-action%3Aaction%3Dlightbox%26settings%3DeyJpZCI6OTU1MiwidXJsIjoiaHR0cHM6XC9cL2Rhcml1c211c2ljLmh1XC93cC1jb250ZW50XC91cGxvYWRzXC8yMDI2XC8wMVwvMDMtb2xhc3otaGVnZWR1LTE3NzUtdmVsZW5jZS1yZXN0YXVyYWxhcy11dGFuLTEud2VicCIsInNsaWRlc2hvdyI6IjBkMTMyMDcifQ%3D%3D\">\n\t\t\t\t\t<div class=\"e-gallery-image elementor-gallery-item__image\" data-thumbnail=\"https:\/\/dariusmusic.hu\/wp-content\/uploads\/2026\/01\/03-olasz-hegedu-1775-velence-restauralas-utan-1-768x508.webp\" data-width=\"768\" data-height=\"508\" aria-label=\"M. Deconet-Violine nach der Restaurierung \u2013 Zolt\u00e1n D\u00e9lczeg \u2013 Darius Music Instrumentenfachgesch\u00e4ft und Reparaturwerkstatt \u2013 3\" role=\"img\" ><\/div>\n\t\t\t\t\t\t\t\t\t\t\t<div class=\"elementor-gallery-item__overlay\"><\/div>\n\t\t\t\t\t\t\t\t\t\t\t\t\t\t<\/a>\n\t\t\t\t\t\t\t<a class=\"e-gallery-item elementor-gallery-item elementor-animated-content\" href=\"https:\/\/dariusmusic.hu\/wp-content\/uploads\/2026\/01\/04-olasz-hegedu-1775-velence-restauralas-utan-2.webp\" data-elementor-open-lightbox=\"yes\" data-elementor-lightbox-slideshow=\"0d13207\" data-elementor-lightbox-title=\"M. Deconet-Violine nach der Restaurierung \u2013 Zolt\u00e1n D\u00e9lczeg \u2013 Darius Music Instrumentenfachgesch\u00e4ft und Reparaturwerkstatt \u2013 4\" data-e-action-hash=\"#elementor-action%3Aaction%3Dlightbox%26settings%3DeyJpZCI6OTU1NiwidXJsIjoiaHR0cHM6XC9cL2Rhcml1c211c2ljLmh1XC93cC1jb250ZW50XC91cGxvYWRzXC8yMDI2XC8wMVwvMDQtb2xhc3otaGVnZWR1LTE3NzUtdmVsZW5jZS1yZXN0YXVyYWxhcy11dGFuLTIud2VicCIsInNsaWRlc2hvdyI6IjBkMTMyMDcifQ%3D%3D\">\n\t\t\t\t\t<div class=\"e-gallery-image elementor-gallery-item__image\" data-thumbnail=\"https:\/\/dariusmusic.hu\/wp-content\/uploads\/2026\/01\/04-olasz-hegedu-1775-velence-restauralas-utan-2-768x513.webp\" data-width=\"768\" data-height=\"513\" aria-label=\"M. Deconet-Violine nach der Restaurierung \u2013 Zolt\u00e1n D\u00e9lczeg \u2013 Darius Music Instrumentenfachgesch\u00e4ft und Reparaturwerkstatt \u2013 4\" role=\"img\" ><\/div>\n\t\t\t\t\t\t\t\t\t\t\t<div class=\"elementor-gallery-item__overlay\"><\/div>\n\t\t\t\t\t\t\t\t\t\t\t\t\t\t<\/a>\n\t\t\t\t\t\t\t<a class=\"e-gallery-item elementor-gallery-item elementor-animated-content\" href=\"https:\/\/dariusmusic.hu\/wp-content\/uploads\/2026\/01\/05-olasz-hegedu-1775-velence-restauralas-utan-3.webp\" data-elementor-open-lightbox=\"yes\" data-elementor-lightbox-slideshow=\"0d13207\" data-elementor-lightbox-title=\"M. Deconet-Violine nach der Restaurierung \u2013 Zolt\u00e1n D\u00e9lczeg \u2013 Darius Music Instrumentenfachgesch\u00e4ft und Reparaturwerkstatt \u2013 5\" data-e-action-hash=\"#elementor-action%3Aaction%3Dlightbox%26settings%3DeyJpZCI6OTU2MCwidXJsIjoiaHR0cHM6XC9cL2Rhcml1c211c2ljLmh1XC93cC1jb250ZW50XC91cGxvYWRzXC8yMDI2XC8wMVwvMDUtb2xhc3otaGVnZWR1LTE3NzUtdmVsZW5jZS1yZXN0YXVyYWxhcy11dGFuLTMud2VicCIsInNsaWRlc2hvdyI6IjBkMTMyMDcifQ%3D%3D\">\n\t\t\t\t\t<div class=\"e-gallery-image elementor-gallery-item__image\" data-thumbnail=\"https:\/\/dariusmusic.hu\/wp-content\/uploads\/2026\/01\/05-olasz-hegedu-1775-velence-restauralas-utan-3-768x513.webp\" data-width=\"768\" data-height=\"513\" aria-label=\"M. Deconet-Violine nach der Restaurierung \u2013 Zolt\u00e1n D\u00e9lczeg \u2013 Darius Music Instrumentenfachgesch\u00e4ft und Reparaturwerkstatt \u2013 5\" role=\"img\" ><\/div>\n\t\t\t\t\t\t\t\t\t\t\t<div class=\"elementor-gallery-item__overlay\"><\/div>\n\t\t\t\t\t\t\t\t\t\t\t\t\t\t<\/a>\n\t\t\t\t\t<\/div>\n\t\t\t\t\t<\/div>\n\t\t\t\t<\/div>\n\t\t\t\t<\/div>\n\t\t\t\t<\/div>\n\t\t\t\t\t<\/div>\n\t\t\t\t<\/div>\n\t\t\t\t<\/div>\n\t\t","protected":false},"excerpt":{"rendered":"<p>Restaurierung einer M. Deconet-Violine \u2013 Venedig, 1775 Der venezianische Geigenbau nahm im 18. Jahrhundert eine besondere Stellung innerhalb der italienischen Instrumentenbaugeschichte ein. Diese Seite dokumentiert die Restaurierung einer um 1775 entstandenen venezianischen Violine von M. Deconet. Ziel der gezeigten Bilder und Texte ist es, einen umfassenden Einblick in den fachgerechten Restaurierungsprozess eines wertvollen historischen Instruments [&hellip;]<\/p>\n","protected":false},"author":2,"featured_media":0,"parent":9809,"menu_order":0,"comment_status":"closed","ping_status":"closed","template":"","meta":{"footnotes":""},"class_list":["post-9820","page","type-page","status-publish","hentry"],"yoast_head":"<!-- This site is optimized with the Yoast SEO plugin v27.5 - https:\/\/yoast.com\/product\/yoast-seo-wordpress\/ -->\n<title>Restaurierung einer M. Deconet-Violine \u2013 Venedig, 1775 - Darius Music Hangszer\u00fczlet \u00e9s jav\u00edt\u00f3m\u0171hely<\/title>\n<meta name=\"robots\" content=\"index, follow, max-snippet:-1, max-image-preview:large, max-video-preview:-1\" \/>\n<link rel=\"canonical\" href=\"https:\/\/dariusmusic.hu\/de\/reparatur\/reparatur-ueberholung-und-restaurierung-von-streichinstrumenten\/restaurierung-einer-m-deconet-violine-venedig-1775\/\" \/>\n<meta property=\"og:locale\" content=\"de_DE\" \/>\n<meta property=\"og:type\" content=\"article\" \/>\n<meta property=\"og:title\" content=\"Restaurierung einer M. Deconet-Violine \u2013 Venedig, 1775 - Darius Music Hangszer\u00fczlet \u00e9s jav\u00edt\u00f3m\u0171hely\" \/>\n<meta property=\"og:description\" content=\"Restaurierung einer M. Deconet-Violine \u2013 Venedig, 1775 Der venezianische Geigenbau nahm im 18. Jahrhundert eine besondere Stellung innerhalb der italienischen Instrumentenbaugeschichte ein. Diese Seite dokumentiert die Restaurierung einer um 1775 entstandenen venezianischen Violine von M. Deconet. Ziel der gezeigten Bilder und Texte ist es, einen umfassenden Einblick in den fachgerechten Restaurierungsprozess eines wertvollen historischen Instruments [&hellip;]\" \/>\n<meta property=\"og:url\" content=\"https:\/\/dariusmusic.hu\/de\/reparatur\/reparatur-ueberholung-und-restaurierung-von-streichinstrumenten\/restaurierung-einer-m-deconet-violine-venedig-1775\/\" \/>\n<meta property=\"og:site_name\" content=\"Darius Music Hangszer\u00fczlet \u00e9s jav\u00edt\u00f3m\u0171hely\" \/>\n<meta property=\"article:modified_time\" content=\"2026-01-28T13:28:15+00:00\" \/>\n<meta property=\"og:image\" content=\"https:\/\/dariusmusic.hu\/wp-content\/uploads\/2026\/01\/01-olasz-hegedu-1775-velence-hatoldal-restauralas-elott.webp\" \/>\n\t<meta property=\"og:image:width\" content=\"797\" \/>\n\t<meta property=\"og:image:height\" content=\"1200\" \/>\n\t<meta property=\"og:image:type\" content=\"image\/webp\" \/>\n<meta name=\"twitter:card\" content=\"summary_large_image\" \/>\n<meta name=\"twitter:label1\" content=\"Gesch\u00e4tzte Lesezeit\" \/>\n\t<meta name=\"twitter:data1\" content=\"2\u00a0Minuten\" \/>\n<script type=\"application\/ld+json\" class=\"yoast-schema-graph\">{\"@context\":\"https:\\\/\\\/schema.org\",\"@graph\":[{\"@type\":\"WebPage\",\"@id\":\"https:\\\/\\\/dariusmusic.hu\\\/de\\\/reparatur\\\/reparatur-ueberholung-und-restaurierung-von-streichinstrumenten\\\/restaurierung-einer-m-deconet-violine-venedig-1775\\\/\",\"url\":\"https:\\\/\\\/dariusmusic.hu\\\/de\\\/reparatur\\\/reparatur-ueberholung-und-restaurierung-von-streichinstrumenten\\\/restaurierung-einer-m-deconet-violine-venedig-1775\\\/\",\"name\":\"Restaurierung einer M. Deconet-Violine \u2013 Venedig, 1775 - Darius Music Hangszer\u00fczlet \u00e9s jav\u00edt\u00f3m\u0171hely\",\"isPartOf\":{\"@id\":\"https:\\\/\\\/dariusmusic.hu\\\/de\\\/#website\"},\"primaryImageOfPage\":{\"@id\":\"https:\\\/\\\/dariusmusic.hu\\\/de\\\/reparatur\\\/reparatur-ueberholung-und-restaurierung-von-streichinstrumenten\\\/restaurierung-einer-m-deconet-violine-venedig-1775\\\/#primaryimage\"},\"image\":{\"@id\":\"https:\\\/\\\/dariusmusic.hu\\\/de\\\/reparatur\\\/reparatur-ueberholung-und-restaurierung-von-streichinstrumenten\\\/restaurierung-einer-m-deconet-violine-venedig-1775\\\/#primaryimage\"},\"thumbnailUrl\":\"https:\\\/\\\/dariusmusic.hu\\\/wp-content\\\/uploads\\\/2026\\\/01\\\/01-olasz-hegedu-1775-velence-hatoldal-restauralas-elott.webp\",\"datePublished\":\"2026-01-28T13:04:43+00:00\",\"dateModified\":\"2026-01-28T13:28:15+00:00\",\"breadcrumb\":{\"@id\":\"https:\\\/\\\/dariusmusic.hu\\\/de\\\/reparatur\\\/reparatur-ueberholung-und-restaurierung-von-streichinstrumenten\\\/restaurierung-einer-m-deconet-violine-venedig-1775\\\/#breadcrumb\"},\"inLanguage\":\"de\",\"potentialAction\":[{\"@type\":\"ReadAction\",\"target\":[\"https:\\\/\\\/dariusmusic.hu\\\/de\\\/reparatur\\\/reparatur-ueberholung-und-restaurierung-von-streichinstrumenten\\\/restaurierung-einer-m-deconet-violine-venedig-1775\\\/\"]}]},{\"@type\":\"ImageObject\",\"inLanguage\":\"de\",\"@id\":\"https:\\\/\\\/dariusmusic.hu\\\/de\\\/reparatur\\\/reparatur-ueberholung-und-restaurierung-von-streichinstrumenten\\\/restaurierung-einer-m-deconet-violine-venedig-1775\\\/#primaryimage\",\"url\":\"https:\\\/\\\/dariusmusic.hu\\\/wp-content\\\/uploads\\\/2026\\\/01\\\/01-olasz-hegedu-1775-velence-hatoldal-restauralas-elott.webp\",\"contentUrl\":\"https:\\\/\\\/dariusmusic.hu\\\/wp-content\\\/uploads\\\/2026\\\/01\\\/01-olasz-hegedu-1775-velence-hatoldal-restauralas-elott.webp\"},{\"@type\":\"BreadcrumbList\",\"@id\":\"https:\\\/\\\/dariusmusic.hu\\\/de\\\/reparatur\\\/reparatur-ueberholung-und-restaurierung-von-streichinstrumenten\\\/restaurierung-einer-m-deconet-violine-venedig-1775\\\/#breadcrumb\",\"itemListElement\":[{\"@type\":\"ListItem\",\"position\":1,\"name\":\"Start\",\"item\":\"https:\\\/\\\/dariusmusic.hu\\\/de\\\/\"},{\"@type\":\"ListItem\",\"position\":2,\"name\":\"Darius Werkstatt\",\"item\":\"https:\\\/\\\/dariusmusic.hu\\\/de\\\/reparatur\\\/\"},{\"@type\":\"ListItem\",\"position\":3,\"name\":\"Reparatur, \u00dcberholung und Restaurierung von Streichinstrumenten\",\"item\":\"https:\\\/\\\/dariusmusic.hu\\\/de\\\/reparatur\\\/reparatur-ueberholung-und-restaurierung-von-streichinstrumenten\\\/\"},{\"@type\":\"ListItem\",\"position\":4,\"name\":\"Restaurierung einer M. Deconet-Violine \u2013 Venedig, 1775\"}]},{\"@type\":\"WebSite\",\"@id\":\"https:\\\/\\\/dariusmusic.hu\\\/de\\\/#website\",\"url\":\"https:\\\/\\\/dariusmusic.hu\\\/de\\\/\",\"name\":\"Darius Music Hangszer\u00fczlet \u00e9s jav\u00edt\u00f3m\u0171hely\",\"description\":\"Hangszer ad\u00e1s-v\u00e9tel \u00e9s hangszerjav\u00edt\u00e1s\",\"publisher\":{\"@id\":\"https:\\\/\\\/dariusmusic.hu\\\/de\\\/#organization\"},\"potentialAction\":[{\"@type\":\"SearchAction\",\"target\":{\"@type\":\"EntryPoint\",\"urlTemplate\":\"https:\\\/\\\/dariusmusic.hu\\\/de\\\/?s={search_term_string}\"},\"query-input\":{\"@type\":\"PropertyValueSpecification\",\"valueRequired\":true,\"valueName\":\"search_term_string\"}}],\"inLanguage\":\"de\"},{\"@type\":\"Organization\",\"@id\":\"https:\\\/\\\/dariusmusic.hu\\\/de\\\/#organization\",\"name\":\"Darius Music Hangszer\u00fczlet \u00e9s jav\u00edt\u00f3m\u0171hely\",\"url\":\"https:\\\/\\\/dariusmusic.hu\\\/de\\\/\",\"logo\":{\"@type\":\"ImageObject\",\"inLanguage\":\"de\",\"@id\":\"https:\\\/\\\/dariusmusic.hu\\\/de\\\/#\\\/schema\\\/logo\\\/image\\\/\",\"url\":\"https:\\\/\\\/dariusmusic.hu\\\/wp-content\\\/uploads\\\/2020\\\/08\\\/logo-01.png\",\"contentUrl\":\"https:\\\/\\\/dariusmusic.hu\\\/wp-content\\\/uploads\\\/2020\\\/08\\\/logo-01.png\",\"width\":1000,\"height\":777,\"caption\":\"Darius Music Hangszer\u00fczlet \u00e9s jav\u00edt\u00f3m\u0171hely\"},\"image\":{\"@id\":\"https:\\\/\\\/dariusmusic.hu\\\/de\\\/#\\\/schema\\\/logo\\\/image\\\/\"}}]}<\/script>\n<!-- \/ Yoast SEO plugin. -->","yoast_head_json":{"title":"Restaurierung einer M. Deconet-Violine \u2013 Venedig, 1775 - Darius Music Hangszer\u00fczlet \u00e9s jav\u00edt\u00f3m\u0171hely","robots":{"index":"index","follow":"follow","max-snippet":"max-snippet:-1","max-image-preview":"max-image-preview:large","max-video-preview":"max-video-preview:-1"},"canonical":"https:\/\/dariusmusic.hu\/de\/reparatur\/reparatur-ueberholung-und-restaurierung-von-streichinstrumenten\/restaurierung-einer-m-deconet-violine-venedig-1775\/","og_locale":"de_DE","og_type":"article","og_title":"Restaurierung einer M. Deconet-Violine \u2013 Venedig, 1775 - Darius Music Hangszer\u00fczlet \u00e9s jav\u00edt\u00f3m\u0171hely","og_description":"Restaurierung einer M. Deconet-Violine \u2013 Venedig, 1775 Der venezianische Geigenbau nahm im 18. Jahrhundert eine besondere Stellung innerhalb der italienischen Instrumentenbaugeschichte ein. Diese Seite dokumentiert die Restaurierung einer um 1775 entstandenen venezianischen Violine von M. Deconet. Ziel der gezeigten Bilder und Texte ist es, einen umfassenden Einblick in den fachgerechten Restaurierungsprozess eines wertvollen historischen Instruments [&hellip;]","og_url":"https:\/\/dariusmusic.hu\/de\/reparatur\/reparatur-ueberholung-und-restaurierung-von-streichinstrumenten\/restaurierung-einer-m-deconet-violine-venedig-1775\/","og_site_name":"Darius Music Hangszer\u00fczlet \u00e9s jav\u00edt\u00f3m\u0171hely","article_modified_time":"2026-01-28T13:28:15+00:00","og_image":[{"width":797,"height":1200,"url":"https:\/\/dariusmusic.hu\/wp-content\/uploads\/2026\/01\/01-olasz-hegedu-1775-velence-hatoldal-restauralas-elott.webp","type":"image\/webp"}],"twitter_card":"summary_large_image","twitter_misc":{"Gesch\u00e4tzte Lesezeit":"2\u00a0Minuten"},"schema":{"@context":"https:\/\/schema.org","@graph":[{"@type":"WebPage","@id":"https:\/\/dariusmusic.hu\/de\/reparatur\/reparatur-ueberholung-und-restaurierung-von-streichinstrumenten\/restaurierung-einer-m-deconet-violine-venedig-1775\/","url":"https:\/\/dariusmusic.hu\/de\/reparatur\/reparatur-ueberholung-und-restaurierung-von-streichinstrumenten\/restaurierung-einer-m-deconet-violine-venedig-1775\/","name":"Restaurierung einer M. Deconet-Violine \u2013 Venedig, 1775 - Darius Music Hangszer\u00fczlet \u00e9s jav\u00edt\u00f3m\u0171hely","isPartOf":{"@id":"https:\/\/dariusmusic.hu\/de\/#website"},"primaryImageOfPage":{"@id":"https:\/\/dariusmusic.hu\/de\/reparatur\/reparatur-ueberholung-und-restaurierung-von-streichinstrumenten\/restaurierung-einer-m-deconet-violine-venedig-1775\/#primaryimage"},"image":{"@id":"https:\/\/dariusmusic.hu\/de\/reparatur\/reparatur-ueberholung-und-restaurierung-von-streichinstrumenten\/restaurierung-einer-m-deconet-violine-venedig-1775\/#primaryimage"},"thumbnailUrl":"https:\/\/dariusmusic.hu\/wp-content\/uploads\/2026\/01\/01-olasz-hegedu-1775-velence-hatoldal-restauralas-elott.webp","datePublished":"2026-01-28T13:04:43+00:00","dateModified":"2026-01-28T13:28:15+00:00","breadcrumb":{"@id":"https:\/\/dariusmusic.hu\/de\/reparatur\/reparatur-ueberholung-und-restaurierung-von-streichinstrumenten\/restaurierung-einer-m-deconet-violine-venedig-1775\/#breadcrumb"},"inLanguage":"de","potentialAction":[{"@type":"ReadAction","target":["https:\/\/dariusmusic.hu\/de\/reparatur\/reparatur-ueberholung-und-restaurierung-von-streichinstrumenten\/restaurierung-einer-m-deconet-violine-venedig-1775\/"]}]},{"@type":"ImageObject","inLanguage":"de","@id":"https:\/\/dariusmusic.hu\/de\/reparatur\/reparatur-ueberholung-und-restaurierung-von-streichinstrumenten\/restaurierung-einer-m-deconet-violine-venedig-1775\/#primaryimage","url":"https:\/\/dariusmusic.hu\/wp-content\/uploads\/2026\/01\/01-olasz-hegedu-1775-velence-hatoldal-restauralas-elott.webp","contentUrl":"https:\/\/dariusmusic.hu\/wp-content\/uploads\/2026\/01\/01-olasz-hegedu-1775-velence-hatoldal-restauralas-elott.webp"},{"@type":"BreadcrumbList","@id":"https:\/\/dariusmusic.hu\/de\/reparatur\/reparatur-ueberholung-und-restaurierung-von-streichinstrumenten\/restaurierung-einer-m-deconet-violine-venedig-1775\/#breadcrumb","itemListElement":[{"@type":"ListItem","position":1,"name":"Start","item":"https:\/\/dariusmusic.hu\/de\/"},{"@type":"ListItem","position":2,"name":"Darius Werkstatt","item":"https:\/\/dariusmusic.hu\/de\/reparatur\/"},{"@type":"ListItem","position":3,"name":"Reparatur, \u00dcberholung und Restaurierung von Streichinstrumenten","item":"https:\/\/dariusmusic.hu\/de\/reparatur\/reparatur-ueberholung-und-restaurierung-von-streichinstrumenten\/"},{"@type":"ListItem","position":4,"name":"Restaurierung einer M. Deconet-Violine \u2013 Venedig, 1775"}]},{"@type":"WebSite","@id":"https:\/\/dariusmusic.hu\/de\/#website","url":"https:\/\/dariusmusic.hu\/de\/","name":"Darius Music Hangszer\u00fczlet \u00e9s jav\u00edt\u00f3m\u0171hely","description":"Hangszer ad\u00e1s-v\u00e9tel \u00e9s hangszerjav\u00edt\u00e1s","publisher":{"@id":"https:\/\/dariusmusic.hu\/de\/#organization"},"potentialAction":[{"@type":"SearchAction","target":{"@type":"EntryPoint","urlTemplate":"https:\/\/dariusmusic.hu\/de\/?s={search_term_string}"},"query-input":{"@type":"PropertyValueSpecification","valueRequired":true,"valueName":"search_term_string"}}],"inLanguage":"de"},{"@type":"Organization","@id":"https:\/\/dariusmusic.hu\/de\/#organization","name":"Darius Music Hangszer\u00fczlet \u00e9s jav\u00edt\u00f3m\u0171hely","url":"https:\/\/dariusmusic.hu\/de\/","logo":{"@type":"ImageObject","inLanguage":"de","@id":"https:\/\/dariusmusic.hu\/de\/#\/schema\/logo\/image\/","url":"https:\/\/dariusmusic.hu\/wp-content\/uploads\/2020\/08\/logo-01.png","contentUrl":"https:\/\/dariusmusic.hu\/wp-content\/uploads\/2020\/08\/logo-01.png","width":1000,"height":777,"caption":"Darius Music Hangszer\u00fczlet \u00e9s jav\u00edt\u00f3m\u0171hely"},"image":{"@id":"https:\/\/dariusmusic.hu\/de\/#\/schema\/logo\/image\/"}}]}},"_links":{"self":[{"href":"https:\/\/dariusmusic.hu\/de\/wp-json\/wp\/v2\/pages\/9820","targetHints":{"allow":["GET"]}}],"collection":[{"href":"https:\/\/dariusmusic.hu\/de\/wp-json\/wp\/v2\/pages"}],"about":[{"href":"https:\/\/dariusmusic.hu\/de\/wp-json\/wp\/v2\/types\/page"}],"author":[{"embeddable":true,"href":"https:\/\/dariusmusic.hu\/de\/wp-json\/wp\/v2\/users\/2"}],"replies":[{"embeddable":true,"href":"https:\/\/dariusmusic.hu\/de\/wp-json\/wp\/v2\/comments?post=9820"}],"version-history":[{"count":1,"href":"https:\/\/dariusmusic.hu\/de\/wp-json\/wp\/v2\/pages\/9820\/revisions"}],"predecessor-version":[{"id":9821,"href":"https:\/\/dariusmusic.hu\/de\/wp-json\/wp\/v2\/pages\/9820\/revisions\/9821"}],"up":[{"embeddable":true,"href":"https:\/\/dariusmusic.hu\/de\/wp-json\/wp\/v2\/pages\/9809"}],"wp:attachment":[{"href":"https:\/\/dariusmusic.hu\/de\/wp-json\/wp\/v2\/media?parent=9820"}],"curies":[{"name":"wp","href":"https:\/\/api.w.org\/{rel}","templated":true}]}}